{"version":"1.0","provider_name":"Mountain Guide for mountain tours in Romania","provider_url":"https:\/\/www.mountainguide.ro\/en","author_name":"Iulian Cozma","author_url":"https:\/\/www.mountainguide.ro\/en\/author\/iulica\/","title":"Gu\u00f0run Eysturl\u00ed\u00f0 \u2013 T\u00f3rshavn, Faroe Islands \u2013 April 2010","type":"rich","width":600,"height":338,"html":"<blockquote class=\"wp-embedded-content\" data-secret=\"Xev9K8hJ7h\"><a href=\"https:\/\/www.mountainguide.ro\/en\/gudrun-eysturlid-torshavn-faroe-islands-april-2010\/\">Gu\u00f0run Eysturl\u00ed\u00f0 \u2013 T\u00f3rshavn, Faroe Islands \u2013 April 2010<\/a><\/blockquote><iframe sandbox=\"allow-scripts\" security=\"restricted\" src=\"https:\/\/www.mountainguide.ro\/en\/gudrun-eysturlid-torshavn-faroe-islands-april-2010\/embed\/#?secret=Xev9K8hJ7h\" width=\"600\" height=\"338\" title=\"&#8220;Gu\u00f0run Eysturl\u00ed\u00f0 \u2013 T\u00f3rshavn, Faroe Islands \u2013 April 2010&#8221; &#8212; Mountain Guide for mountain tours in Romania\" data-secret=\"Xev9K8hJ7h\" frameborder=\"0\" marginwidth=\"0\" marginheight=\"0\" scrolling=\"no\" class=\"wp-embedded-content\"><\/iframe><script type=\"text\/javascript\">\n\/* <![CDATA[ *\/\n\/*! This file is auto-generated *\/\n!function(d,l){\"use strict\";l.querySelector&&d.addEventListener&&\"undefined\"!=typeof URL&&(d.wp=d.wp||{},d.wp.receiveEmbedMessage||(d.wp.receiveEmbedMessage=function(e){var t=e.data;if((t||t.secret||t.message||t.value)&&!\/[^a-zA-Z0-9]\/.test(t.secret)){for(var s,r,n,a=l.querySelectorAll('iframe[data-secret=\"'+t.secret+'\"]'),o=l.querySelectorAll('blockquote[data-secret=\"'+t.secret+'\"]'),c=new RegExp(\"^https?:$\",\"i\"),i=0;i<o.length;i++)o[i].style.display=\"none\";for(i=0;i<a.length;i++)s=a[i],e.source===s.contentWindow&&(s.removeAttribute(\"style\"),\"height\"===t.message?(1e3<(r=parseInt(t.value,10))?r=1e3:~~r<200&&(r=200),s.height=r):\"link\"===t.message&&(r=new URL(s.getAttribute(\"src\")),n=new URL(t.value),c.test(n.protocol))&&n.host===r.host&&l.activeElement===s&&(d.top.location.href=t.value))}},d.addEventListener(\"message\",d.wp.receiveEmbedMessage,!1),l.addEventListener(\"DOMContentLoaded\",function(){for(var e,t,s=l.querySelectorAll(\"iframe.wp-embedded-content\"),r=0;r<s.length;r++)(t=(e=s[r]).getAttribute(\"data-secret\"))||(t=Math.random().toString(36).substring(2,12),e.src+=\"#?secret=\"+t,e.setAttribute(\"data-secret\",t)),e.contentWindow.postMessage({message:\"ready\",secret:t},\"*\")},!1)))}(window,document);\n\/\/# sourceURL=https:\/\/www.mountainguide.ro\/wp-includes\/js\/wp-embed.min.js\n\/* ]]> *\/\n<\/script>\n","description":"\u00c1 p\u00e1skum 2010 var eg \u00ed Bucegi-fj\u00f8llunum saman vi\u00f0 Iulian Cozma, sum ein vinma\u00f0ur hev\u00f0i vi\u00f0m\u00e6lt m\u00e6r at br\u00faka sum fer\u00f0alei\u00f0ara. T\u00farurin byrja\u00f0i vi\u00f0, at Iulian kom vi\u00f0 m\u00e6r til Bukarest at keypa \u00fatger\u00f0, har eg fekk alt m\u00f8guligt fyri g\u00f3\u00f0ar pr\u00edsir, og s\u00ed\u00f0ani koyrdu vit su\u00f0ureftir m\u00f3ti Brasov, har t\u00farurin upp \u00ed fj\u00f8llini byrja\u00f0i... Read more &raquo;"}